{"id":86,"date":"2024-05-12T12:02:03","date_gmt":"2024-05-12T10:02:03","guid":{"rendered":"https:\/\/plusvert-toitures.fr\/?page_id=86"},"modified":"2024-05-14T16:20:20","modified_gmt":"2024-05-14T14:20:20","slug":"qui-sommes-nous","status":"publish","type":"page","link":"https:\/\/plusvert-toitures.fr\/?page_id=86","title":{"rendered":"Qui sommes-nous ?"},"content":{"rendered":"\n<div class=\"wp-block-group alignfull has-accent-background-color has-background has-global-padding is-layout-constrained wp-container-core-group-is-layout-669513ed wp-block-group-is-layout-constrained\" style=\"margin-top:0;margin-bottom:0;padding-top:var(--wp--preset--spacing--50);padding-right:var(--wp--preset--spacing--50);padding-bottom:var(--wp--preset--spacing--50);padding-left:var(--wp--preset--spacing--50)\">\n<div class=\"wp-block-columns alignwide is-layout-flex wp-container-core-columns-is-layout-1da03c2a wp-block-columns-is-layout-flex\">\n<div class=\"wp-block-column is-vertically-aligned-stretch is-layout-flow wp-block-column-is-layout-flow\" style=\"flex-basis:50%\">\n<div class=\"wp-block-group is-vertical is-content-justification-stretch is-layout-flex wp-container-core-group-is-layout-444d5ee8 wp-block-group-is-layout-flex\" style=\"min-height:100%\">\n<p class=\"has-heading-font-family has-x-large-font-size\" style=\"line-height:1.2\">Plus Vert Toitures est une entreprise familiale situ\u00e9e sur Haguenau. Nous sommes la 3\u00e8me g\u00e9n\u00e9ration \u00e0 pratiquer les activit\u00e9s paysag\u00e8res, ainsi, apr\u00e8s des milliers d&#8217;arbres plant\u00e9s et des millions de m\u00b2&nbsp;de pelouse install\u00e9e et entretenue, nous d\u00e9sirons d\u00e9velopper les toitures v\u00e9g\u00e9talis\u00e9es, que nous consid\u00e9rons comme pouvant \u00eatre la plus grande r\u00e9volution \u00e9cologique du 21\u00e8me si\u00e8cle.<\/p>\n\n\n\n<p><\/p>\n\n\n\n<figure class=\"wp-block-image size-full\"><img loading=\"lazy\" decoding=\"async\" width=\"1024\" height=\"683\" src=\"https:\/\/plusvert-toitures.fr\/wp-content\/uploads\/2024\/05\/IMG_8313.jpg\" alt=\"\" class=\"wp-image-172\" srcset=\"https:\/\/plusvert-toitures.fr\/wp-content\/uploads\/2024\/05\/IMG_8313.jpg 1024w, https:\/\/plusvert-toitures.fr\/wp-content\/uploads\/2024\/05\/IMG_8313-300x200.jpg 300w, https:\/\/plusvert-toitures.fr\/wp-content\/uploads\/2024\/05\/IMG_8313-768x512.jpg 768w\" sizes=\"auto, (max-width: 1024px) 100vw, 1024px\" \/><\/figure>\n\n\n\n<div class=\"wp-block-group has-global-padding is-content-justification-left is-layout-constrained wp-container-core-group-is-layout-9fe8ed88 wp-block-group-is-layout-constrained\">\n<p><\/p>\n\n\n\n<p class=\"wp-container-content-0733e5d0\">Ainsi, l\u2019histoire d\u00e9bute en 1962 au sein d&#8217;une famille d&#8217;agriculteurs, attach\u00e9e aux valeurs de la nature. Oscar Hege, le plus jeune fils, d\u00e9cide de cr\u00e9er une entreprise de p\u00e9pini\u00e9riste-paysagiste, avec le soutien de son p\u00e8re qui lui c\u00e8de une parcelle de son domaine. Malgr\u00e9 des ressources limit\u00e9es, Oscar r\u00e9ussit gr\u00e2ce \u00e0 son travail acharn\u00e9 et \u00e0 ses qualit\u00e9s humaines. Pendant plus de deux d\u00e9cennies, l&#8217;entreprise familiale lui permet de subvenir aux besoins de sa famille. Dans les ann\u00e9es 1980, ses fils Michel et Denis rejoignent l&#8217;aventure, contribuant \u00e0 son expansion. Ensemble, ils lancent une activit\u00e9 d&#8217;entretien de terrains de sport, malgr\u00e9 les d\u00e9fis techniques et financiers.<\/p>\n<\/div>\n\n\n\n<p>En 1991, na\u00eet Hege Sports et Jardins, fruit de la fusion entre l&#8217;activit\u00e9 \u00e9mergente d&#8217;entretien des terrains de sport et l&#8217;activit\u00e9 traditionnelle de paysagiste. Au fil du temps, l&#8217;entretien des terrains de sport prend le dessus, entra\u00eenant progressivement la disparition de la p\u00e9pini\u00e8re.<\/p>\n\n\n\n<p>Apr\u00e8s des ann\u00e9es de d\u00e9veloppement durant lesquelles la soci\u00e9t\u00e9 Hege a d\u00e9velopp\u00e9 ses \u00e9quipements jusqu\u2019\u00e0 devenir un leader incontest\u00e9, forts d\u2019une exp\u00e9rience consid\u00e9rable dans l\u2019irrigation connect\u00e9e, nous avons d\u00e9cid\u00e9 de cr\u00e9er de la valeur ajout\u00e9e sur le march\u00e9 des toitures v\u00e9g\u00e9talis\u00e9es en cr\u00e9ant Plus Vert toitures, une nouvelle branche n\u00e9e de la conscience de devoir passer \u00e0 l\u2019action en travaillant pour des villes plus vertes.<\/p>\n<\/div>\n<\/div>\n<\/div>\n<\/div>\n\n\n\n<div class=\"wp-block-group alignfull has-base-background-color has-background has-global-padding is-layout-constrained wp-container-core-group-is-layout-d89aad35 wp-block-group-is-layout-constrained\" style=\"margin-top:0;margin-bottom:0;padding-top:var(--wp--preset--spacing--50);padding-right:var(--wp--preset--spacing--50);padding-bottom:var(--wp--preset--spacing--50);padding-left:var(--wp--preset--spacing--50)\">\n<div class=\"wp-block-columns alignwide is-layout-flex wp-container-core-columns-is-layout-549b0c86 wp-block-columns-is-layout-flex\">\n<div class=\"wp-block-column has-global-padding is-content-justification-left is-layout-constrained wp-container-core-column-is-layout-4f15e8fe wp-block-column-is-layout-constrained\" style=\"flex-basis:40%\">\n<p>Nous avons l\u2019ambition d\u2019apporter des solutions afin d\u2019am\u00e9liorer la qualit\u00e9 de vie urbaine, de pr\u00e9server l\u2019environnement et de redonner \u00e0 la nature la place qui lui est due, avec les m\u00eames motivations fortes que notre grand-p\u00e8re il y plus de 60 ans nous avons la pr\u00e9tention de nous engager pour une plan\u00e8te plus verte.<\/p>\n<\/div>\n\n\n\n<div class=\"wp-block-column is-layout-flow wp-container-core-column-is-layout-119bc444 wp-block-column-is-layout-flow\" style=\"flex-basis:60%\">\n<p class=\"has-heading-font-family has-x-large-font-size\" style=\"line-height:1.2\"><\/p>\n\n\n\n<div class=\"wp-block-columns is-layout-flex wp-container-core-columns-is-layout-87beb0d0 wp-block-columns-is-layout-flex\">\n<div class=\"wp-block-column is-layout-flow wp-block-column-is-layout-flow\">\n<p class=\"wp-container-content-9cfa9a5a\"><\/p>\n<\/div>\n\n\n\n<div class=\"wp-block-column is-layout-flow wp-block-column-is-layout-flow\">\n<p><\/p>\n<\/div>\n<\/div>\n<\/div>\n<\/div>\n<\/div>\n\n\n\n<div class=\"wp-block-group alignfull has-accent-5-background-color has-background has-global-padding is-layout-constrained wp-container-core-group-is-layout-d89aad35 wp-block-group-is-layout-constrained\" style=\"margin-top:0;margin-bottom:0;padding-top:var(--wp--preset--spacing--50);padding-right:var(--wp--preset--spacing--50);padding-bottom:var(--wp--preset--spacing--50);padding-left:var(--wp--preset--spacing--50)\">\n<div class=\"wp-block-columns alignwide is-layout-flex wp-container-core-columns-is-layout-1da03c2a wp-block-columns-is-layout-flex\">\n<div class=\"wp-block-column is-vertically-aligned-center is-layout-flow wp-block-column-is-layout-flow\" style=\"flex-basis:60%\">\n<figure class=\"wp-block-image size-full is-style-rounded wp-duotone-duotone-1 is-style-rounded--1\"><img loading=\"lazy\" decoding=\"async\" width=\"1600\" height=\"746\" src=\"http:\/\/plusvert-toitures.fr\/wp-content\/uploads\/2024\/05\/WhatsApp-Image-2024-05-07-a-16.14.41_9646f6f8.jpg\" alt=\"\" class=\"wp-image-56\" style=\"aspect-ratio:4\/3;object-fit:cover\" srcset=\"https:\/\/plusvert-toitures.fr\/wp-content\/uploads\/2024\/05\/WhatsApp-Image-2024-05-07-a-16.14.41_9646f6f8.jpg 1600w, https:\/\/plusvert-toitures.fr\/wp-content\/uploads\/2024\/05\/WhatsApp-Image-2024-05-07-a-16.14.41_9646f6f8-300x140.jpg 300w, https:\/\/plusvert-toitures.fr\/wp-content\/uploads\/2024\/05\/WhatsApp-Image-2024-05-07-a-16.14.41_9646f6f8-1024x477.jpg 1024w, https:\/\/plusvert-toitures.fr\/wp-content\/uploads\/2024\/05\/WhatsApp-Image-2024-05-07-a-16.14.41_9646f6f8-768x358.jpg 768w, https:\/\/plusvert-toitures.fr\/wp-content\/uploads\/2024\/05\/WhatsApp-Image-2024-05-07-a-16.14.41_9646f6f8-1536x716.jpg 1536w\" sizes=\"auto, (max-width: 1600px) 100vw, 1600px\" \/><\/figure>\n<\/div>\n\n\n\n<div class=\"wp-block-column is-layout-flow wp-block-column-is-layout-flow\" style=\"flex-basis:40%\">\n<h2 class=\"wp-block-heading\">Menez \u00e0 bien votre projet de v\u00e9g\u00e9talisation gr\u00e2ce \u00e0 un partenariat de confiance<\/h2>\n\n\n\n<p>Exposez-nous votre projet ainsi que vos contraintes, nous mettrons en oeuvre notre expertise afin de r\u00e9pondre \u00e0 votre besoin.<\/p>\n\n\n\n<div class=\"wp-block-buttons is-layout-flex wp-block-buttons-is-layout-flex\">\n<div class=\"wp-block-button\"><a class=\"wp-block-button__link wp-element-button\" href=\"https:\/\/plusvert-toitures.fr\/?page_id=83\">Ecrivez-nous !<\/a><\/div>\n<\/div>\n<\/div>\n<\/div>\n<\/div>\n\n\n\n<div class=\"wp-block-group alignfull has-global-padding is-layout-constrained wp-container-core-group-is-layout-669513ed wp-block-group-is-layout-constrained\" style=\"margin-top:0;margin-bottom:0;padding-top:var(--wp--preset--spacing--50);padding-right:var(--wp--preset--spacing--50);padding-bottom:var(--wp--preset--spacing--50);padding-left:var(--wp--preset--spacing--50)\">\n<div class=\"wp-block-group is-vertical is-content-justification-center is-layout-flex wp-container-core-group-is-layout-ce155fab wp-block-group-is-layout-flex\">\n<h2 class=\"wp-block-heading has-text-align-center has-xx-large-font-size\">Rencontrez-nous<\/h2>\n\n\n\n<p class=\"has-text-align-center\"><\/p>\n<\/div>\n\n\n\n<div style=\"height:var(--wp--preset--spacing--30)\" aria-hidden=\"true\" class=\"wp-block-spacer\"><\/div>\n\n\n\n<div class=\"wp-block-columns alignwide is-layout-flex wp-container-core-columns-is-layout-4935966c wp-block-columns-is-layout-flex\" style=\"padding-right:0;padding-left:0\">\n<div class=\"wp-block-column is-layout-flow wp-block-column-is-layout-flow\">\n\n\n<div class=\"wp-block-group is-vertical is-content-justification-center is-nowrap is-layout-flex wp-container-core-group-is-layout-21d4e958 wp-block-group-is-layout-flex\">\n<p class=\"has-text-align-center has-small-font-size\"><strong>Louis Hammer<\/strong><\/p>\n\n\n\n<p class=\"has-text-align-center has-small-font-size\">Co-fondateur, responsable irrigation\/ gestion du vivant<\/p>\n\n\n\n<p>Issu d\u2019une formation et d\u2019une exp\u00e9rience en industrie il op\u00e8re dans les plantations agricoles, devient responsable arrosage chez Hege pendant 4 ans et met en place des solutions d\u2019arrosage connect\u00e9, il cr\u00e9e sa structure en 2021 comportant une partie prestations ainsi qu\u2019une partie recherche et d\u00e9veloppement avec de nombreux projets innovants \u00e0 l\u2019\u00e9tude. Il poss\u00e8de une compr\u00e9hension technique pointue ainsi qu\u2019un regard innovateur sur les probl\u00e9matiques.<\/p>\n<\/div>\n<\/div>\n\n\n\n<div class=\"wp-block-column is-layout-flow wp-block-column-is-layout-flow\">\n\n\n<div class=\"wp-block-group is-vertical is-content-justification-center is-nowrap is-layout-flex wp-container-core-group-is-layout-63bfd6c1 wp-block-group-is-layout-flex\">\n<p class=\"has-text-align-center has-small-font-size\"><strong>Yoann Pequignot<\/strong><\/p>\n\n\n\n<p class=\"has-text-align-center has-small-font-size\">Co-fondateur, responsable logistique, chef de chantier<\/p>\n\n\n\n<p>Riche d\u2019exp\u00e9rience vari\u00e9es avec installation de serres \u00e0 poivrons g\u00e9r\u00e9es par ordinateur en Afrique, chef de chantier dans le BTP, chauffeur grue auxiliaire, ainsi que ma\u00eetre d\u2019\u0153uvre \u00e0 titre priv\u00e9, il poss\u00e8de une connaissance g\u00e9n\u00e9rale permettant de g\u00e9rer des projets multi-enjeux tout en rationalisant les co\u00fbts.<\/p>\n<\/div>\n<\/div>\n<\/div>\n<\/div>\n\n\n\n\n\n<div class=\"wp-block-group alignfull has-base-color has-contrast-background-color has-text-color has-background has-link-color wp-elements-36f221a23d66c4111ec3c704dafdeee2 has-global-padding is-layout-constrained wp-container-core-group-is-layout-d89aad35 wp-block-group-is-layout-constrained\" style=\"margin-top:0;margin-bottom:0;padding-top:var(--wp--preset--spacing--50);padding-right:var(--wp--preset--spacing--50);padding-bottom:var(--wp--preset--spacing--50);padding-left:var(--wp--preset--spacing--50)\">\n<h2 class=\"wp-block-heading alignwide has-base-color has-text-color has-link-color wp-elements-cbef0cccbdd372e6b9ffee16736b6e86\" style=\"font-size:clamp(4.509rem, 4.509rem + ((1vw - 0.2rem) * 9.152), 10rem);letter-spacing:-0.02em\">FAQ<\/h2>\n\n\n\n<div class=\"wp-block-group alignwide is-layout-flow wp-block-group-is-layout-flow\">\n<hr class=\"wp-block-separator has-text-color has-base-color has-alpha-channel-opacity has-base-background-color has-background is-style-wide\"\/>\n\n\n\n<details class=\"wp-block-details is-style-arrow-icon-details has-medium-font-size is-layout-flow wp-block-details-is-layout-flow\" style=\"border-top-style:none;border-top-width:0px;border-right-style:none;border-right-width:0px;border-bottom-color:var(--wp--preset--color--base);border-bottom-style:solid;border-bottom-width:1px;border-left-style:none;border-left-width:0px;margin-top:0\"><summary>Quels sont vos d\u00e9lais d&#8217;intervention ?<\/summary>\n<p class=\"has-contrast-1-color has-text-color has-link-color wp-elements-8b72f2e2c6bcad0716b6f24b15ebde6e\">Nous sommes en mesure de d\u00e9marrer les travaux au plus t\u00f4t 2 semaines apr\u00e8s la signature du devis, cela d\u00e9pendra cependant de la complexit\u00e9 du projet, notamment les consid\u00e9rations de portance qui doivent  \u00eatre valid\u00e9es par un architecte.<\/p>\n<\/details>\n\n\n\n<details class=\"wp-block-details is-style-arrow-icon-details has-medium-font-size is-layout-flow wp-block-details-is-layout-flow\" style=\"border-top-style:none;border-top-width:0px;border-right-style:none;border-right-width:0px;border-bottom-color:var(--wp--preset--color--base);border-bottom-style:solid;border-bottom-width:1px;border-left-style:none;border-left-width:0px;margin-top:0\"><summary>Comment garantissez-vous la portance du toit ?<\/summary>\n<p class=\"has-contrast-1-color has-text-color has-link-color wp-elements-63d800371fb8a3f17c89b634e148d746\">Nous validons les donn\u00e9es avec un bureau d&#8217;\u00e9tudes qui nous indique une portance maximale par m\u00b2. A partir de cette donn\u00e9e nous calculons l&#8217;\u00e9paisseur de substrat que nous pouvons obtenir, la quantit\u00e9 d&#8217;eau maximale que nous allons limiter, ainsi qu&#8217;une marge  de s\u00e9curit\u00e9 de 40%. Dans le cas des toitures \u00e0 portance faible, nous nous tournons vers des v\u00e9g\u00e9taux pouvant se d\u00e9velopper dans une fine couche de terre<\/p>\n<\/details>\n\n\n\n<details class=\"wp-block-details is-style-arrow-icon-details has-medium-font-size is-layout-flow wp-block-details-is-layout-flow\" style=\"border-top-style:none;border-top-width:0px;border-right-style:none;border-right-width:0px;border-bottom-color:var(--wp--preset--color--base);border-bottom-style:solid;border-bottom-width:1px;border-left-style:none;border-left-width:0px;margin-top:0\"><summary>Sur quel secteur g\u00e9ographique \u00eates-vous implant\u00e9s ?<\/summary>\n<p class=\"has-contrast-1-color has-text-color has-link-color wp-elements-dfdf2895e36406e3154ecc55c8c6e21c\">Plus Vert Toitures est situ\u00e9 dans le Bas-Rhin, nous somme cependant en capacit\u00e9 d&#8217;intervenir sur tout l&#8217;hexagone ainsi que la Corse et les collectivit\u00e9s outre-mer.<\/p>\n<\/details>\n\n\n\n<details class=\"wp-block-details is-style-arrow-icon-details has-medium-font-size is-layout-flow wp-block-details-is-layout-flow\" style=\"border-top-style:none;border-top-width:0px;border-right-style:none;border-right-width:0px;border-bottom-color:var(--wp--preset--color--base);border-bottom-style:solid;border-bottom-width:1px;border-left-style:none;border-left-width:0px;margin-top:0\"><summary>Puis-je postuler pour faire partie de l\u2019\u00e9quipe ou travailler comme sous-traitant\/sous-traitante&nbsp;?<\/summary>\n<p class=\"has-contrast-1-color has-text-color has-link-color wp-elements-d56f10155ab852369b8b4e8aef089de9\">Plus Vert Toitures est continuellement \u00e0 la recherche de nouveaux collaborateurs ayant la volont\u00e9 de s&#8217;impliquer dans notre projet. Pour cela nous vous invitons \u00e0 envoyer votre CV via le formulaire de contact et nous veillerons \u00e0 entrer en contact dans les meilleurs d\u00e9lais.<\/p>\n<\/details>\n\n\n\n<div style=\"margin-top:var(--wp--preset--spacing--10);margin-bottom:0;height:var(--wp--preset--spacing--10)\" aria-hidden=\"true\" class=\"wp-block-spacer\"><\/div>\n<\/div>\n<\/div>\n\n\n\n<div class=\"wp-block-group alignfull has-global-padding is-layout-constrained wp-container-core-group-is-layout-d89aad35 wp-block-group-is-layout-constrained\" style=\"margin-top:0;margin-bottom:0;padding-top:var(--wp--preset--spacing--50);padding-right:var(--wp--preset--spacing--50);padding-bottom:var(--wp--preset--spacing--50);padding-left:var(--wp--preset--spacing--50)\">\n<div class=\"wp-block-columns alignwide are-vertically-aligned-center is-layout-flex wp-container-core-columns-is-layout-47c06fe3 wp-block-columns-is-layout-flex\">\n<div class=\"wp-block-column is-vertically-aligned-center is-layout-flow wp-block-column-is-layout-flow\" style=\"flex-basis:50%\">\n<h2 class=\"wp-block-heading\">Am\u00e9liorez votre parcours architectural avec l\u2019application \u00c9tudes Architect.<\/h2>\n\n\n\n<ul style=\"line-height:1.75\" class=\"is-style-checkmark-list wp-block-list\">\n<li>Collaborez avec d\u2019autres architectes.<\/li>\n\n\n\n<li>Pr\u00e9sentez vos projets.<\/li>\n\n\n\n<li>D\u00e9couvrez le monde de l\u2019architecture.<\/li>\n<\/ul>\n\n\n\n<div class=\"wp-block-buttons is-layout-flex wp-block-buttons-is-layout-flex\">\n<div class=\"wp-block-button\"><a class=\"wp-block-button__link wp-element-button\">T\u00e9l\u00e9chargez l\u2019application<\/a><\/div>\n\n\n\n<div class=\"wp-block-button is-style-outline is-style-outline--4\"><a class=\"wp-block-button__link wp-element-button\">Fonctionnement<\/a><\/div>\n<\/div>\n<\/div>\n\n\n\n<div class=\"wp-block-column is-vertically-aligned-center is-layout-flow wp-block-column-is-layout-flow\" style=\"flex-basis:50%\">\n<figure class=\"wp-block-image size-full is-style-rounded is-style-rounded--5\"><img decoding=\"async\" src=\"https:\/\/plusvert-toitures.fr\/wp-content\/themes\/twentytwentyfour\/assets\/images\/abstract-geometric-art.webp\" alt=\"\u0152uvre d\u2019art g\u00e9om\u00e9trique abstraite blanche de Dresde, Allemagne\" style=\"aspect-ratio:4\/3;object-fit:cover\"\/><\/figure>\n<\/div>\n<\/div>\n<\/div>\n","protected":false},"excerpt":{"rendered":"<p>Plus Vert Toitures est une entreprise familiale situ\u00e9e sur Haguenau. Nous sommes la 3\u00e8me g\u00e9n\u00e9ration \u00e0 pratiquer les activit\u00e9s paysag\u00e8res, ainsi, apr\u00e8s des milliers d&#8217;arbres plant\u00e9s et des millions de m\u00b2&nbsp;de pelouse install\u00e9e et entretenue, nous d\u00e9sirons d\u00e9velopper les toitures v\u00e9g\u00e9talis\u00e9es, que nous consid\u00e9rons comme pouvant \u00eatre la plus grande r\u00e9volution \u00e9cologique du 21\u00e8me si\u00e8cle. [&hellip;]<\/p>\n","protected":false},"author":1,"featured_media":0,"parent":0,"menu_order":0,"comment_status":"closed","ping_status":"closed","template":"","meta":{"saved_in_kubio":false,"footnotes":""},"class_list":["post-86","page","type-page","status-publish","hentry"],"kubio_ai_page_context":{"short_desc":"","purpose":"general"},"_links":{"self":[{"href":"https:\/\/plusvert-toitures.fr\/index.php?rest_route=\/wp\/v2\/pages\/86","targetHints":{"allow":["GET"]}}],"collection":[{"href":"https:\/\/plusvert-toitures.fr\/index.php?rest_route=\/wp\/v2\/pages"}],"about":[{"href":"https:\/\/plusvert-toitures.fr\/index.php?rest_route=\/wp\/v2\/types\/page"}],"author":[{"embeddable":true,"href":"https:\/\/plusvert-toitures.fr\/index.php?rest_route=\/wp\/v2\/users\/1"}],"replies":[{"embeddable":true,"href":"https:\/\/plusvert-toitures.fr\/index.php?rest_route=%2Fwp%2Fv2%2Fcomments&post=86"}],"version-history":[{"count":12,"href":"https:\/\/plusvert-toitures.fr\/index.php?rest_route=\/wp\/v2\/pages\/86\/revisions"}],"predecessor-version":[{"id":177,"href":"https:\/\/plusvert-toitures.fr\/index.php?rest_route=\/wp\/v2\/pages\/86\/revisions\/177"}],"wp:attachment":[{"href":"https:\/\/plusvert-toitures.fr\/index.php?rest_route=%2Fwp%2Fv2%2Fmedia&parent=86"}],"curies":[{"name":"wp","href":"https:\/\/api.w.org\/{rel}","templated":true}]}}